{"id":924,"date":"2025-02-07T18:49:01","date_gmt":"2025-02-07T17:49:01","guid":{"rendered":"https:\/\/oega.boku.ac.at\/?page_id=924"},"modified":"2025-02-07T19:01:28","modified_gmt":"2025-02-07T18:01:28","slug":"oega-tagung-1999","status":"publish","type":"page","link":"https:\/\/oega.boku.ac.at\/en\/oega-tagung-1999\/","title":{"rendered":"\u00d6GA-Tagung 1999"},"content":{"rendered":"<p><strong>Auswirkungen der Liberalisierung im Agrar- und Ern\u00e4hrungssektor auf die Besch\u00e4ftigung<\/strong><br>9. Jahrestagung der \u00d6GA<\/p>\n\n\n\n<p>Sibyl Anwander Phan-huy und Hans Karl Wytrzens (Hrsg), 1999<br>Beitr\u00e4ge der gemeinsamen Tagung der Schweizerischen Gesellschaft f\u00fcr Agrarwirtschaft und Agrarsoziologie und der \u00d6sterreichischen Gesellschaft f\u00fcr Agrar\u00f6konomie<br>25. und 26. M\u00e4rz 1999 in Rorschach am Bodensee<br>Wissenschaftsverlag Vauk Kiel KG, Kiel, ISBN 3-8175-0303-2<\/p>\n\n\n\n<p><a href=\"https:\/\/oega.boku.ac.at\/wp-content\/uploads\/2025\/02\/1999-Beitraege.zip\">Papers<\/a><\/p>\n\n\n\n<figure class=\"wp-block-table\"><table class=\"has-fixed-layout\"><tbody><tr><td><strong>AutorInnen<\/strong><\/td><td><strong>Titel des Beitrags<\/strong><\/td><\/tr><tr><td><strong>Anwander Phan-huy<\/strong>, S.<\/td><td>Auswirkung der Liberalisierung im Agrar- und Ern\u00e4hrungssektor auf die Besch\u00e4ftigung<\/td><\/tr><tr><td><strong>Weiss<\/strong>, C.<\/td><td>Die Reform der Agrarpolitik und die Anpassung der Arbeitsm\u00e4rkte<\/td><\/tr><tr><td><strong>Puwein<\/strong>, W.<\/td><td>Auswirkungen der Integration auf die Besch\u00e4ftigung in der Lebensmittelwirtschaft<\/td><\/tr><tr><td><strong>Bernegger<\/strong>, U.<\/td><td>Auswirkungen der Liberalisierung im Agrar- und Ern\u00e4hrungssektor auf die Besch\u00e4ftigung im M\u00fcllereigewerbe<\/td><\/tr><tr><td><strong>Hauenstein<\/strong>, K.<\/td><td>Liberalisierung und die Landmaschinenbranche<\/td><\/tr><tr><td><strong>Brockmeier<\/strong>, M.<\/td><td>Volkswirtschaftliche Aspekte der Besch\u00e4ftigung im Agrar- und Ern\u00e4hrungssektor<\/td><\/tr><tr><td><strong>Steininger<\/strong>, K.<\/td><td>Effekte der Agrarliberalisierung in ihrer volkswirtschaftlichen Verflechtung: eine quantitative Analyse f\u00fcr \u00d6sterreich<\/td><\/tr><tr><td><strong>Rieder<\/strong>, P.; <strong>Anwander Phan-huy<\/strong>, S.; <strong>Flury<\/strong>, P.<\/td><td>Handlungsspielr\u00e4ume zur Beeinflussung der Besch\u00e4ftigung im l\u00e4ndlichen Raum<\/td><\/tr><tr><td><strong>Schwaninger<\/strong>, M.<\/td><td>Intelligente Organisationen &#8211; Grunds\u00e4tzliches zum Umgang mit Ver\u00e4nderungen<\/td><\/tr><tr><td><strong>Wehner<\/strong>, T.<\/td><td>Ver\u00e4nderungen in der Arbeitswelt aus Sicht der Arbeitspsychologie<\/td><\/tr><tr><td><strong>Baaske<\/strong>, W.<\/td><td>Regionalwirtschaftliche Aspekte der Besch\u00e4ftigung im Agrar- und Ern\u00e4hrungssektor<\/td><\/tr><tr><td><strong>Pretterhofer<\/strong>, G.<\/td><td>Auswirkungen von Investitionsf\u00f6rderungen auf die Besch\u00e4ftigung in der Ern\u00e4hrungswirtschaft<\/td><\/tr><tr><td><strong>Tamme<\/strong>, O.<\/td><td>Besch\u00e4ftigungseffekte von Marktordnungs- und Umweltpr\u00e4mien<\/td><\/tr><\/tbody><\/table><\/figure>\n<div class=\"pdfprnt-buttons pdfprnt-buttons-page pdfprnt-bottom-left\"><a href=\"https:\/\/oega.boku.ac.at\/en\/wp-json\/wp\/v2\/pages\/924?print=pdf\" class=\"pdfprnt-button pdfprnt-button-pdf\" target=\"_blank\" ><\/a><a href=\"https:\/\/oega.boku.ac.at\/en\/wp-json\/wp\/v2\/pages\/924?print=print\" class=\"pdfprnt-button pdfprnt-button-print\" target=\"_blank\" ><img decoding=\"async\" src=\"https:\/\/oega.boku.ac.at\/wp-content\/plugins\/pdf-print\/images\/print.png\" alt=\"image_print\" title=\"Print Content\" \/><span class=\"pdfprnt-button-title pdfprnt-button-print-title\">Print-Version<\/span><\/a><\/div>","protected":false},"excerpt":{"rendered":"<p>Auswirkungen der Liberalisierung im Agrar- und Ern\u00e4hrungssektor auf die Besch\u00e4ftigung9. Jahrestagung der \u00d6GA Sibyl Anwander Phan-huy und Hans Karl Wytrzens (Hrsg), 1999Beitr\u00e4ge der gemeinsamen Tagung der Schweizerischen Gesellschaft f\u00fcr Agrarwirtschaft und Agrarsoziologie und der \u00d6sterreichischen Gesellschaft f\u00fcr Agrar\u00f6konomie25. und 26. M\u00e4rz 1999 in Rorschach am BodenseeWissenschaftsverlag Vauk Kiel KG, Kiel, ISBN 3-8175-0303-2 Beitr\u00e4ge AutorInnen Titel [&hellip;]<\/p>\n","protected":false},"author":1,"featured_media":0,"parent":0,"menu_order":0,"comment_status":"closed","ping_status":"closed","template":"","meta":{"footnotes":""},"class_list":["post-924","page","type-page","status-publish","hentry"],"_links":{"self":[{"href":"https:\/\/oega.boku.ac.at\/en\/wp-json\/wp\/v2\/pages\/924","targetHints":{"allow":["GET"]}}],"collection":[{"href":"https:\/\/oega.boku.ac.at\/en\/wp-json\/wp\/v2\/pages"}],"about":[{"href":"https:\/\/oega.boku.ac.at\/en\/wp-json\/wp\/v2\/types\/page"}],"author":[{"embeddable":true,"href":"https:\/\/oega.boku.ac.at\/en\/wp-json\/wp\/v2\/users\/1"}],"replies":[{"embeddable":true,"href":"https:\/\/oega.boku.ac.at\/en\/wp-json\/wp\/v2\/comments?post=924"}],"version-history":[{"count":3,"href":"https:\/\/oega.boku.ac.at\/en\/wp-json\/wp\/v2\/pages\/924\/revisions"}],"predecessor-version":[{"id":948,"href":"https:\/\/oega.boku.ac.at\/en\/wp-json\/wp\/v2\/pages\/924\/revisions\/948"}],"wp:attachment":[{"href":"https:\/\/oega.boku.ac.at\/en\/wp-json\/wp\/v2\/media?parent=924"}],"curies":[{"name":"wp","href":"https:\/\/api.w.org\/{rel}","templated":true}]}}