{"id":914,"date":"2025-02-07T11:01:36","date_gmt":"2025-02-07T10:01:36","guid":{"rendered":"https:\/\/oega.boku.ac.at\/?page_id=914"},"modified":"2025-02-07T19:05:26","modified_gmt":"2025-02-07T18:05:26","slug":"oega-tagung-2002","status":"publish","type":"page","link":"https:\/\/oega.boku.ac.at\/en\/oega-tagung-2002\/","title":{"rendered":"\u00d6GA-Tagung 2002"},"content":{"rendered":"<p><strong>Jahrbuch der \u00d6GA &#8211; Band 12<\/strong><br>Karlheinz Pistrich, Oliver Meixner, Hans Karl Wytrzens und Leopold Kirner (Hrsg), 2005<\/p>\n\n\n\n<p>Dokumentation der 12. \u00d6GA-Jahrestagung &#8222;Armut und Reichtum im l\u00e4ndlichen Raum&#8220; am 26. und 27. September 2002 in Wien<\/p>\n\n\n\n<p>Wien: Facultas Verlag, ISSN 1815-1027<\/p>\n\n\n\n<p>ISBN 3-85076-715-9<\/p>\n\n\n\n<p><a href=\"https:\/\/oega.boku.ac.at\/wp-content\/uploads\/2025\/02\/Fotos-12.zip\">Photos<\/a><\/p>\n\n\n\n<p><a href=\"https:\/\/oega.boku.ac.at\/wp-content\/uploads\/2025\/02\/Beitraege-12.zip\">Papers<\/a><\/p>\n\n\n\n<figure class=\"wp-block-table\"><table class=\"has-fixed-layout\"><tbody><tr><td><strong>AutorInnen<\/strong><\/td><td><strong>Titel des Beitrags<\/strong><\/td><\/tr><tr><td><strong>Sch\u00f6nb\u00e4ck<\/strong>, W.; <strong>Br\u00f6thaler<\/strong>, J.<\/td><td>Die Bedeutung des Finanzausgleichs f\u00fcr die Gemeindenhaushalte im l\u00e4ndlichen Raum \u00d6sterreichs<\/td><\/tr><tr><td><strong>Glatz-Schmallegger<\/strong>, M.<\/td><td>Was h\u00e4lt die Gesellschaft des l\u00e4ndlichen Raums zusammen?<\/td><\/tr><tr><td><strong>Wiesinger<\/strong>, G.<\/td><td>Ursachen und Wirkungszusammenh\u00e4nge der l\u00e4ndlichen Armut im Spannungsfeld des sozialen Wandels<\/td><\/tr><tr><td><strong>Zsilincsar<\/strong>, W.<\/td><td>Kultureller Reichtum im l\u00e4ndlichen Raum: Zum Schutz historischer Ortsbilder in der Steiermark<\/td><\/tr><tr><td><strong>Faltov\u00e1 Leitmanov\u00e1<\/strong>, I.<\/td><td>Arbeitsmarktsituation und Sozialpolitik in der Tschechischen Republik<\/td><\/tr><tr><td><strong>Oedl-Wieser<\/strong>, T.<\/td><td>Lebensrealit\u00e4ten von Frauen in l\u00e4ndlichen Regionen \u2013 zwischen Marginalisierung und lebbarer Vielfalt<\/td><\/tr><tr><td><strong>Tiwary<\/strong>, M.<strong><\/strong><\/td><td>Marginal farmers, agricultural practices, and rural poverty in Nepal<\/td><\/tr><tr><td><strong>Odening<\/strong>, M.; <strong>Hinrichs<\/strong>, J.<\/td><td>Die Quantifizierung von Marktrisiken in der Tierproduktion mittels Value-at-Risk und Extreme Value Theory<\/td><\/tr><tr><td><strong>Breustedt<\/strong>, G.<\/td><td>Ertragsrisiko im Ackerbau \u2013 N\u00fctzen Versicherung auf Basis des Regionalertrages?<\/td><\/tr><tr><td><strong>Szab\u00f3<\/strong>, B.<strong><\/strong><\/td><td>Rural tourism as an alternative income source for rural areas along the Hortob\u00e1gy<\/td><\/tr><tr><td><strong>Neuwirth<\/strong>, J.; <strong>Penker<\/strong>, M.<\/td><td>Regional\u00f6konomische Effekte der Pferdehaltung im mittleren Wienerwald<\/td><\/tr><tr><td><strong>Bedn\u00e1rov\u00e1<\/strong>, D.<\/td><td>Die Zusammenarbeit kleiner und mittlerer Unternehmen in der tschechisch-\u00f6sterreichischen Grenzregion vor dem EU-Beitritt<\/td><\/tr><tr><td><strong>Stadler<\/strong>, M.;&nbsp; <strong>Greimel<\/strong>, M.; <strong>Handler<\/strong>, F; <strong>Blumauer<\/strong>, E.<\/td><td>Standardisierter Arbeitszeitbedarf in der \u00f6sterreichischen Landwirtschaft<\/td><\/tr><tr><td><strong>Schermer<\/strong>, M.<\/td><td>Bio + Region = Bioregion?<\/td><\/tr><tr><td><strong>Kratochvil<\/strong>, R.<\/td><td>Organic farming: An approach to make agriculture more sustainable?<\/td><\/tr><tr><td><strong>Haas<\/strong>, R.; <strong>Meixner<\/strong>, O.<\/td><td>Forschungsmarketing und Wissenstransfer in der Kulturlandschaftsforschung &#8211; Ergebnisse einer Expertenbefragung<\/td><\/tr><tr><td><strong>Majkovic<\/strong>, D.; <strong>Rozman<\/strong>, R.;&nbsp; <strong>Turk<\/strong>, J.<strong><\/strong><\/td><td>On-farm fruit processing \u2013 an alternative for improving income situation on Slovene fruit farms<\/td><\/tr><tr><td><strong>Wirthgen<\/strong>, A.<\/td><td>Chancen f\u00fcr die Vermarktung von Bio-Produkten aus dem l\u00e4ndlichen Raum &#8211; eine produktspezifische Verbraucheranalyse aus dem Elbetal<\/td><\/tr><tr><td><strong>P\u00f6chtrager<\/strong>, S.<\/td><td>Auswirkungen durch die Einf\u00fchrung des Qualit\u00e4tsmanagements in der Ern\u00e4hrungswirtschaft<\/td><\/tr><tr><td><strong>Kirner<\/strong>, L.<\/td><td>Wettbewerbsf\u00e4higkeit \u00f6sterreichischer Milchviehbetriebe im Rahmen des International Farm Comparison Network (IFCN)<\/td><\/tr><tr><td><\/td><td><\/td><\/tr><tr><td><\/td><td><\/td><\/tr><tr><td><\/td><td><\/td><\/tr><tr><td colspan=\"2\">&nbsp;<strong>Abstracts der Vortr\u00e4ge, die nicht im Jahrbuch erschienen sind<\/strong><\/td><\/tr><tr><td><\/td><td><\/td><\/tr><tr><td><strong>AutorInnen<\/strong><\/td><td><strong>Titel des Beitrags<\/strong><\/td><\/tr><tr><td><strong>Foltyn<\/strong>, I.<strong><\/strong><\/td><td>Mathematical modelling of agricultural policy impact on rural areas in the Czech Republic related to EU accession<\/td><\/tr><tr><td><strong>Glauben<\/strong>, T.; <strong>Tietje <\/strong>, H.; <strong>Weiss<\/strong>, C.<\/td><td>Was determiniert die intrafamili\u00e4re Hof\u00fcbergabe? Eine empirische Analyse von Befragungsdaten f\u00fcr Ober\u00f6sterreich<\/td><\/tr><tr><td><strong>Goldner<\/strong>, P.<\/td><td>Die Entwicklung des N\u00fctzlingssektors \u2013 eine Befragung von Forschern und Z\u00fcchtern unter Ber\u00fccksichtigung unterschiedlicher Standpunkte<\/td><\/tr><tr><td><strong>Heilig<\/strong>, G.K.<\/td><td>Die demographische Entwicklung in peripheren R\u00e4umen Europas<\/td><\/tr><tr><td><strong>Herrmann<\/strong>, S.<\/td><td>Wie kommt die Landwirtschaft auf\u2019s Proxel? \u2013 Integration \u00f6konomisch relevanter Informationen in naturwissenschaftliche Modellsysteme<\/td><\/tr><tr><td><strong>Kaliski<\/strong>, O.; <strong>Kratochvil<\/strong>, R.; <strong>Kirner<\/strong>, L.<\/td><td>Auswirkungen der Umstellung auf \u00f6kologischen Landbau auf betriebs- und volkswirtschaftliche Indikatoren<\/td><\/tr><tr><td><strong>Klaffenb\u00f6ck<\/strong>, M.<\/td><td>Der Reichtum des l\u00e4ndlichen Raums an nat\u00fcrlichen Ressourcen und dessen Inwertsetzung<\/td><\/tr><tr><td><strong>Klank<\/strong>, L.<strong><\/strong><\/td><td>Economic transition and income distribution of Polish farmers<\/td><\/tr><tr><td><strong>Kniepert<\/strong>, M.<\/td><td>Agrarsektorale Einkommensrechnungen: Zu ihrer Aussagekraft und ihren blinden Flecken<\/td><\/tr><tr><td><strong>Kritzer<\/strong>, T.<\/td><td>Armut in \u00d6sterreich \u2013 Wahrnehmungen zur sozialen Lage<\/td><\/tr><tr><td><strong>Mwabumba<\/strong>, M.<strong><\/strong><\/td><td>The effects of pricing and marketing liberalization policy on the tobacco industry in Malawi: A partial equilibrium analysis<\/td><\/tr><tr><td><strong>Nemessalyi<\/strong>, Z.; <strong>Horvath<\/strong>, J.<strong><\/strong><\/td><td>Arrangement issues of farming in Hungary<\/td><\/tr><tr><td><strong>Rohrmoser<\/strong>, F.<\/td><td>Ermutigung zur Eigenverantwortung: St\u00e4rkung der Konfliktf\u00e4higkeit in der Agrarpolitik (Film)<\/td><\/tr><tr><td><strong>Steinwider<\/strong>, J.<\/td><td>Lebensqualit\u00e4t in der Landwirtschaft<\/td><\/tr><tr><td><strong>Vogel<\/strong>, T.<\/td><td>Nutzung und Schutz von Niedermooren in Nordostdeutschland<\/td><\/tr><tr><td><strong>Zander<\/strong>, K.<\/td><td>\u00d6konomische Bewertung des Streuobstbaus aus gesellschaftlicher Sicht<\/td><\/tr><\/tbody><\/table><\/figure>\n<div class=\"pdfprnt-buttons pdfprnt-buttons-page pdfprnt-bottom-left\"><a href=\"https:\/\/oega.boku.ac.at\/en\/wp-json\/wp\/v2\/pages\/914?print=pdf\" class=\"pdfprnt-button pdfprnt-button-pdf\" target=\"_blank\" ><\/a><a href=\"https:\/\/oega.boku.ac.at\/en\/wp-json\/wp\/v2\/pages\/914?print=print\" class=\"pdfprnt-button pdfprnt-button-print\" target=\"_blank\" ><img decoding=\"async\" src=\"https:\/\/oega.boku.ac.at\/wp-content\/plugins\/pdf-print\/images\/print.png\" alt=\"image_print\" title=\"Print Content\" \/><span class=\"pdfprnt-button-title pdfprnt-button-print-title\">Print-Version<\/span><\/a><\/div>","protected":false},"excerpt":{"rendered":"<p>Jahrbuch der \u00d6GA &#8211; Band 12Karlheinz Pistrich, Oliver Meixner, Hans Karl Wytrzens und Leopold Kirner (Hrsg), 2005 Dokumentation der 12. \u00d6GA-Jahrestagung &#8222;Armut und Reichtum im l\u00e4ndlichen Raum&#8220; am 26. und 27. September 2002 in Wien Wien: Facultas Verlag, ISSN 1815-1027 ISBN 3-85076-715-9 Fotos Beitr\u00e4ge AutorInnen Titel des Beitrags Sch\u00f6nb\u00e4ck, W.; Br\u00f6thaler, J. Die Bedeutung des [&hellip;]<\/p>\n","protected":false},"author":1,"featured_media":0,"parent":0,"menu_order":0,"comment_status":"closed","ping_status":"closed","template":"","meta":{"footnotes":""},"class_list":["post-914","page","type-page","status-publish","hentry"],"_links":{"self":[{"href":"https:\/\/oega.boku.ac.at\/en\/wp-json\/wp\/v2\/pages\/914","targetHints":{"allow":["GET"]}}],"collection":[{"href":"https:\/\/oega.boku.ac.at\/en\/wp-json\/wp\/v2\/pages"}],"about":[{"href":"https:\/\/oega.boku.ac.at\/en\/wp-json\/wp\/v2\/types\/page"}],"author":[{"embeddable":true,"href":"https:\/\/oega.boku.ac.at\/en\/wp-json\/wp\/v2\/users\/1"}],"replies":[{"embeddable":true,"href":"https:\/\/oega.boku.ac.at\/en\/wp-json\/wp\/v2\/comments?post=914"}],"version-history":[{"count":3,"href":"https:\/\/oega.boku.ac.at\/en\/wp-json\/wp\/v2\/pages\/914\/revisions"}],"predecessor-version":[{"id":953,"href":"https:\/\/oega.boku.ac.at\/en\/wp-json\/wp\/v2\/pages\/914\/revisions\/953"}],"wp:attachment":[{"href":"https:\/\/oega.boku.ac.at\/en\/wp-json\/wp\/v2\/media?parent=914"}],"curies":[{"name":"wp","href":"https:\/\/api.w.org\/{rel}","templated":true}]}}