{"id":752,"date":"2025-02-03T10:49:57","date_gmt":"2025-02-03T09:49:57","guid":{"rendered":"https:\/\/oega.boku.ac.at\/?page_id=752"},"modified":"2025-02-03T11:04:48","modified_gmt":"2025-02-03T10:04:48","slug":"oega-tagung-2012","status":"publish","type":"page","link":"https:\/\/oega.boku.ac.at\/en\/tagungen\/oega-tagung-2012\/","title":{"rendered":"\u00d6GA-Tagung 2012"},"content":{"rendered":"<p>Die 22. Jahrestagung der \u00d6GA fand vom <strong>20. bis 21.&nbsp;September 2012<\/strong>&nbsp;an der&nbsp;Universit\u00e4t f\u00fcr Bodenkultur Wien zum Thema&nbsp;<strong>\u00d6kosystemdienstleistungen und Landwirtschaft \u2013 Herausforde\u00adrun\u00adgen und Konsequenzen f\u00fcr Forschung und Praxis <\/strong>.<\/p>\n\n\n\n<div class=\"wp-block-media-text has-media-on-the-right is-stacked-on-mobile\" style=\"grid-template-columns:auto 37%\"><div class=\"wp-block-media-text__content\">\n<p><a href=\"https:\/\/oega.boku.ac.at\/wp-content\/uploads\/2025\/02\/Beitraege-2.zip\">Papers<\/a>,<br>die bei der Tagung pr\u00e4sentiert wurden<\/p>\n\n\n\n<p><a href=\"https:\/\/oega.boku.ac.at\/wp-content\/uploads\/2025\/02\/Fotos-2.zip\">Photos<\/a>, der Tagung und der Exkursion<\/p>\n<\/div><figure class=\"wp-block-media-text__media\"><img loading=\"lazy\" decoding=\"async\" width=\"150\" height=\"100\" src=\"https:\/\/oega.boku.ac.at\/wp-content\/uploads\/2025\/02\/RTEmagicC_Guttenberghaus_04.jpg_02.jpg\" alt=\"\" class=\"wp-image-762 size-full\"\/><\/figure><\/div>\n\n\n\n<p><a href=\"https:\/\/oega.boku.ac.at\/en\/oega-preis\/oega-preis-2012\/\" data-type=\"page\" data-id=\"639\">\u00d6GA-Preis 2012<\/a><\/p>\n\n\n\n<p><a href=\"https:\/\/oega.boku.ac.at\/wp-content\/uploads\/2025\/02\/OEGA_TAGUNGSBAND_2012.pdf\">Conference Proceedings<\/a><br><a href=\"https:\/\/oega.boku.ac.at\/wp-content\/uploads\/2025\/02\/Programm-OEGA_2012.pdf\">Programme<\/a><\/p>\n\n\n\n<h2 class=\"wp-block-heading\">Best Presentation Award<\/h2>\n\n\n\n<p>The following speakers were awarded the \u201cBest Presentation\u201d award at the conference:<br><br><strong>Carsten HOLST<\/strong> (Georg-August-Universit\u00e4t G\u00f6ttingen), f\u00fcr seinen Vortrag: <a href=\"https:\/\/oega.boku.ac.at\/wp-content\/uploads\/2025\/02\/60_Holst-TB_2012.pdf\">Der europ\u00e4ische Schlachtschweinemarkt nach der EU-Osterweiterung &#8211; eine horizontale Preistransmissisionsanalyse<\/a><\/p>\n\n\n<div class=\"wp-block-image\">\n<figure class=\"aligncenter size-full\"><img loading=\"lazy\" decoding=\"async\" width=\"160\" height=\"106\" src=\"https:\/\/oega.boku.ac.at\/wp-content\/uploads\/2025\/02\/BestPaper2-klein_02.jpg\" alt=\"\" class=\"wp-image-766\"\/><\/figure>\n<\/div>\n\n\n<p><strong>Christine GRUBER<\/strong> (Universit\u00e4t f\u00fcr Bodenkultur Wien), f\u00fcr ihren Vortrag: <a href=\"https:\/\/oega.boku.ac.at\/wp-content\/uploads\/2025\/02\/47_Gruber_et_al-TB_2012.pdfhttps:\/\/oega.boku.ac.at\/wp-content\/uploads\/2025\/02\/47_Gruber_et_al-TB_2012.pdf\">Handelsmarken versus Herstellermarken in der Nahrungs- und Genussmittelindustrie: Herausforderungen und L\u00f6sungsans\u00e4tze f\u00fcr die Markenpositionierung von Unternehmen mit dualer Markenstrategie<\/a><\/p>\n\n\n<div class=\"wp-block-image\">\n<figure class=\"aligncenter size-full\"><img loading=\"lazy\" decoding=\"async\" width=\"160\" height=\"106\" src=\"https:\/\/oega.boku.ac.at\/wp-content\/uploads\/2025\/02\/BestPaper1-klein_02.jpg\" alt=\"\" class=\"wp-image-767\"\/><\/figure>\n<\/div>\n\n\n<p><strong>Pierrick JAN<\/strong> (ART-Agroscope Reckenholz-T\u00e4nikon), f\u00fcr seinen Vortrag: <a href=\"https:\/\/oega.boku.ac.at\/wp-content\/uploads\/2025\/02\/42_Jan_et_al-TB__2012.pdf\">An LCA-based analysis of the factors affecting the economic and environmental performance of Swiss dairy farms in the alpine area<\/a><\/p>\n\n\n<div class=\"wp-block-image\">\n<figure class=\"aligncenter size-full\"><img loading=\"lazy\" decoding=\"async\" width=\"160\" height=\"106\" src=\"https:\/\/oega.boku.ac.at\/wp-content\/uploads\/2025\/02\/BestPaper3-klein_02.jpg\" alt=\"\" class=\"wp-image-768\"\/><\/figure>\n<\/div>\n\n\n<h2 class=\"wp-block-heading\">Wir bedanken uns herzlich&#8230;.<\/h2>\n\n\n\n<p>&#8230; f\u00fcr die vor-Ort Organisation bei Michaela Gr\u00f6tzer, Iris Richter, Eva Krickler, Christina Roder und Nergiz Kamat.<\/p>\n\n\n\n<p>&#8230; bei unseren Sponsoren: das Lebensministerium, <a href=\"http:\/\/www.noem.at\/\" target=\"_blank\" rel=\"noreferrer noopener\">N\u00f6m<\/a> und der Firma <a href=\"http:\/\/www.stroeck.at\/\" target=\"_blank\" rel=\"noreferrer noopener\">Str\u00f6ck<\/a>.<\/p>\n\n\n\n<figure class=\"wp-block-image size-full\"><img loading=\"lazy\" decoding=\"async\" width=\"173\" height=\"115\" src=\"https:\/\/oega.boku.ac.at\/wp-content\/uploads\/2025\/02\/csm_Danksagung_02_bab39cb4b4.jpg\" alt=\"\" class=\"wp-image-769\"\/><\/figure>\n\n\n\n<figure class=\"wp-block-image size-full\"><img loading=\"lazy\" decoding=\"async\" width=\"152\" height=\"105\" src=\"https:\/\/oega.boku.ac.at\/wp-content\/uploads\/2025\/02\/bmlfuw_01.jpg\" alt=\"\" class=\"wp-image-757\" srcset=\"https:\/\/oega.boku.ac.at\/wp-content\/uploads\/2025\/02\/bmlfuw_01.jpg 152w, https:\/\/oega.boku.ac.at\/wp-content\/uploads\/2025\/02\/bmlfuw_01-150x105.jpg 150w\" sizes=\"auto, (max-width: 152px) 100vw, 152px\" \/><\/figure>\n\n\n\n<figure class=\"wp-block-image size-full\"><img loading=\"lazy\" decoding=\"async\" width=\"143\" height=\"105\" src=\"https:\/\/oega.boku.ac.at\/wp-content\/uploads\/2025\/02\/Stroeck6_01.jpg\" alt=\"\" class=\"wp-image-763\"\/><\/figure>\n\n\n\n<figure class=\"wp-block-image size-full\"><img loading=\"lazy\" decoding=\"async\" width=\"173\" height=\"118\" src=\"https:\/\/oega.boku.ac.at\/wp-content\/uploads\/2025\/02\/csm_Noem_02_461f59e49b.jpg\" alt=\"\" class=\"wp-image-758\"\/><\/figure>\n<div class=\"pdfprnt-buttons pdfprnt-buttons-page pdfprnt-bottom-left\"><a href=\"https:\/\/oega.boku.ac.at\/en\/wp-json\/wp\/v2\/pages\/752?print=pdf\" class=\"pdfprnt-button pdfprnt-button-pdf\" target=\"_blank\" ><\/a><a href=\"https:\/\/oega.boku.ac.at\/en\/wp-json\/wp\/v2\/pages\/752?print=print\" class=\"pdfprnt-button pdfprnt-button-print\" target=\"_blank\" ><img decoding=\"async\" src=\"https:\/\/oega.boku.ac.at\/wp-content\/plugins\/pdf-print\/images\/print.png\" alt=\"image_print\" title=\"Print Content\" \/><span class=\"pdfprnt-button-title pdfprnt-button-print-title\">Print-Version<\/span><\/a><\/div>","protected":false},"excerpt":{"rendered":"<p>Die 22. Jahrestagung der \u00d6GA fand vom 20. bis 21.&nbsp;September 2012&nbsp;an der&nbsp;Universit\u00e4t f\u00fcr Bodenkultur Wien zum Thema&nbsp;\u00d6kosystemdienstleistungen und Landwirtschaft \u2013 Herausforde\u00adrun\u00adgen und Konsequenzen f\u00fcr Forschung und Praxis statt. Beitr\u00e4ge,die bei der Tagung pr\u00e4sentiert wurden Fotos, der Tagung und der Exkursion \u00d6GA-Preis 2012 TagungsbandProgramm Best Presentation Award Im Rahmen der Tagung wurde folgenden Vortragenden die Auszeichnung [&hellip;]<\/p>\n","protected":false},"author":1,"featured_media":0,"parent":35,"menu_order":0,"comment_status":"closed","ping_status":"closed","template":"","meta":{"footnotes":""},"class_list":["post-752","page","type-page","status-publish","hentry"],"_links":{"self":[{"href":"https:\/\/oega.boku.ac.at\/en\/wp-json\/wp\/v2\/pages\/752","targetHints":{"allow":["GET"]}}],"collection":[{"href":"https:\/\/oega.boku.ac.at\/en\/wp-json\/wp\/v2\/pages"}],"about":[{"href":"https:\/\/oega.boku.ac.at\/en\/wp-json\/wp\/v2\/types\/page"}],"author":[{"embeddable":true,"href":"https:\/\/oega.boku.ac.at\/en\/wp-json\/wp\/v2\/users\/1"}],"replies":[{"embeddable":true,"href":"https:\/\/oega.boku.ac.at\/en\/wp-json\/wp\/v2\/comments?post=752"}],"version-history":[{"count":3,"href":"https:\/\/oega.boku.ac.at\/en\/wp-json\/wp\/v2\/pages\/752\/revisions"}],"predecessor-version":[{"id":770,"href":"https:\/\/oega.boku.ac.at\/en\/wp-json\/wp\/v2\/pages\/752\/revisions\/770"}],"up":[{"embeddable":true,"href":"https:\/\/oega.boku.ac.at\/en\/wp-json\/wp\/v2\/pages\/35"}],"wp:attachment":[{"href":"https:\/\/oega.boku.ac.at\/en\/wp-json\/wp\/v2\/media?parent=752"}],"curies":[{"name":"wp","href":"https:\/\/api.w.org\/{rel}","templated":true}]}}