{"id":514,"date":"2025-01-28T18:38:03","date_gmt":"2025-01-28T17:38:03","guid":{"rendered":"https:\/\/oega.boku.ac.at\/?page_id=514"},"modified":"2025-01-29T12:07:45","modified_gmt":"2025-01-29T11:07:45","slug":"oega-tagung-2018","status":"publish","type":"page","link":"https:\/\/oega.boku.ac.at\/en\/tagungen\/oega-tagung-2018\/","title":{"rendered":"\u00d6GA Conference 2018"},"content":{"rendered":"<p>The \u00d6GA Conference 2018 took place from September 27 to 28 in Vienna at the University of Natural Resources and Life Sciences on the topic of _<strong>\u201cMethods for an Evidence-Based Agricultural Policy. Experiences, Needs, and Developments\u201d<\/strong>.<\/p>\n\n\n\n<div class=\"wp-block-media-text is-stacked-on-mobile\"><figure class=\"wp-block-media-text__media\"><img loading=\"lazy\" decoding=\"async\" width=\"240\" height=\"180\" src=\"https:\/\/oega.boku.ac.at\/wp-content\/uploads\/2025\/01\/guttenbergH_klein-2.jpg\" alt=\"\" class=\"wp-image-516 size-full\"\/><\/figure><div class=\"wp-block-media-text__content\">\n<p>Guttenberg Haus. (CC BY-ND 2.0) by Martin Gerzabek @ www.flickr.com<\/p>\n<\/div><\/div>\n\n\n\n<p>The plenary lectures at the \u00d6GA Annual Conference:<\/p>\n\n\n\n<ul class=\"wp-block-list\">\n<li><strong>Franz Sinabell<\/strong> (Austrian Institute of Economic Research)<br><strong>\u201d<a href=\"https:\/\/oega.boku.ac.at\/wp-content\/uploads\/2025\/01\/Sinabell_OeGA_REECAP_2018.pdf\">The new CAP \u2013 a new era of evidence based policy making?<\/a>\u201d<\/strong><\/li>\n\n\n\n<li><strong>Sophie Thoyer<\/strong> (IRSTEA &#8211; French National Research Institute of Science and Technology for Environment and Agriculture)\u00a0\u00a0 \u00a0<br><strong>\u201d<a href=\"https:\/\/oega.boku.ac.at\/wp-content\/uploads\/2025\/01\/Thoyer_OeGA_REECAP_2018.pdf\">Enriching the CAP evaluation toolbox with experimental approaches<\/a>\u201d<\/strong><\/li>\n\n\n\n<li><strong>Florence Buchholzer<\/strong> (DG AGRI, European Commission)<br><strong>\u201d<a href=\"https:\/\/oega.boku.ac.at\/wp-content\/uploads\/2025\/01\/Buchholzer_OeGA_REECAP_2018.pdf\">Impact assessment supporting the legislative proposals for the Common Agricultural Policy post 2020<\/a>\u201d <\/strong><\/li>\n<\/ul>\n\n\n\n<p>Moderated by Klaus Salhofer (BOKU University, Vienna)<\/p>\n\n\n\n<p><a href=\"https:\/\/oega.boku.ac.at\/wp-content\/uploads\/2025\/01\/Programm_2018.pdf\" target=\"_blank\" rel=\"noreferrer noopener\">Detailed programme of the \u00d6GA Annual Conference<\/a>\u00a0 together with the program of the pre-conference and the REECAP workshop.<\/p>\n\n\n\n<p><a href=\"https:\/\/oega.boku.ac.at\/wp-content\/uploads\/2025\/01\/OeGA_Tagungsband_2018.pdf\">Conference Proceedings<\/a> with the short papers, abstracts, and outlines of the \u00d6GA conference, the pre-conference, and the REECAP workshop.<\/p>\n\n\n\n<p><a href=\"https:\/\/oega.boku.ac.at\/wp-content\/uploads\/2025\/01\/ProgrammExkursion_German.pdf\">Program of the excursion<\/a> (<a href=\"https:\/\/oega.boku.ac.at\/wp-content\/uploads\/2025\/01\/ProgrammExkursion_German.pdf\">German<\/a>, <a href=\"https:\/\/oega.boku.ac.at\/wp-content\/uploads\/2025\/01\/ProgrammFieldtrip_English.pdf\">English<\/a>)<\/p>\n\n\n\n<figure class=\"wp-block-image size-large\"><img loading=\"lazy\" decoding=\"async\" width=\"724\" height=\"1024\" src=\"https:\/\/oega.boku.ac.at\/wp-content\/uploads\/2025\/01\/titelseite_Seite_01-724x1024.jpg\" alt=\"\" class=\"wp-image-517\" srcset=\"https:\/\/oega.boku.ac.at\/wp-content\/uploads\/2025\/01\/titelseite_Seite_01-724x1024.jpg 724w, https:\/\/oega.boku.ac.at\/wp-content\/uploads\/2025\/01\/titelseite_Seite_01-212x300.jpg 212w, https:\/\/oega.boku.ac.at\/wp-content\/uploads\/2025\/01\/titelseite_Seite_01-768x1087.jpg 768w, https:\/\/oega.boku.ac.at\/wp-content\/uploads\/2025\/01\/titelseite_Seite_01-1086x1536.jpg 1086w, https:\/\/oega.boku.ac.at\/wp-content\/uploads\/2025\/01\/titelseite_Seite_01-1447x2048.jpg 1447w, https:\/\/oega.boku.ac.at\/wp-content\/uploads\/2025\/01\/titelseite_Seite_01-scaled.jpg 1809w\" sizes=\"auto, (max-width: 724px) 100vw, 724px\" \/><\/figure>\n\n\n\n<h2 class=\"wp-block-heading\">Events on September 26, 2018<\/h2>\n\n\n\n<p>On September 26, 2018, the day before the \u00d6GA conference, two \u00d6GA-related events took place:<\/p>\n\n\n\n<ul class=\"wp-block-list\">\n<li>The pre-conference on \u201c<strong>Evaluation of Equality in Rural Development Programmes<\/strong>\u201d took place. For details, see <a href=\"https:\/\/oega.boku.ac.at\/en\/2025\/01\/28\/evaluierung-von-gleichstellung-in-laendlichen-entwicklungsprogrammen\/\">here<\/a>.<\/li>\n\n\n\n<li>The workshop of the \u201c<strong>Research Network on Economic Experiments for the CAP<\/strong>\u201d (REECAP). For details, see <a href=\"https:\/\/sites.google.com\/view\/reecap\/events\/vienna-2018\" target=\"_blank\" rel=\"noreferrer noopener\">www.reecap.org<\/a>.<\/li>\n<\/ul>\n\n\n\n<p>Participants were also invited to participate in the events on September 26.<\/p>\n\n\n\n<p><strong>Pre-conference plenary presentations:<\/strong>:<\/p>\n\n\n\n<ul class=\"wp-block-list\">\n<li>Angela Wroblewski (Institute for Advanced Studies, AT)<br>\u201d<strong><a href=\"https:\/\/oega.boku.ac.at\/wp-content\/uploads\/2025\/01\/Wroblewski_Praekonfernz_2018.pdfhttps:\/\/oega.boku.ac.at\/wp-content\/uploads\/2025\/01\/Wroblewski_Praekonfernz_2018.pdf\">Making Equality Measurable \u2013 Approaches, Requirements, and Challenges in the Evaluation of Equality Measures<\/a><\/strong>\u201d<\/li>\n\n\n\n<li>Elke-Anette Schmidt (Mecklenburg-Western Pomerania State Women\u2019s Council, Rostock, DE)<br>\u201c<strong><a href=\"https:\/\/oega.boku.ac.at\/wp-content\/uploads\/2025\/01\/Schmidt_Praekonferenz_2018.pdf\">Equality in the EAFRD between Aspiration and Reality \u2013 A Practical Report from Mecklenburg-Western Pomerania<\/a><\/strong>\u201d<\/li>\n<\/ul>\n\n\n\n<p>Moderated by Mathilde Schmitt (agrigenda, AT)<\/p>\n\n\n\n<p><strong>REECAP workshop plenary presentations:<\/strong><\/p>\n\n\n\n<p>Morning:<\/p>\n\n\n\n<ul class=\"wp-block-list\">\n<li><strong>Kent Messer<\/strong> (CBEAR &#8211; Center for Behavioral &amp; Experimental Agri-Environmental Research and University of Dalaware, USA)<br><strong>\u201d<a href=\"https:\/\/oega.boku.ac.at\/wp-content\/uploads\/2025\/01\/Messer_REECAP_Vienna.pdf\">Applying Behavioral and Experimental Economics to U.S. Agri-Environmental Programs: Benefits, Challenges, &amp; Lessons Learned<\/a><\/strong>\u201d<\/li>\n<\/ul>\n\n\n\n<p>Moderated by Rapha\u00eble Preget (INRA \u2013 French National Institute for Agricultural research)<\/p>\n\n\n\n<p>Afternoon:<\/p>\n\n\n\n<ul class=\"wp-block-list\">\n<li><strong>Malika Kacimi<\/strong> ( INJEP &#8211; Fond d&#8217;Exp\u00e9rimentation pour la Jeunesse, Institut National de la Jeunesse et de l\u2019Education Populaire, FR)<br><strong>&#8222;<a href=\"https:\/\/oega.boku.ac.at\/wp-content\/uploads\/2025\/01\/Kacimi_REECAP.pdf\">Experiments on youth policies in France: the need to combine several methods of evaluation and the case of randomization<\/a>&#8222;<\/strong><\/li>\n\n\n\n<li><strong>Axel Sonntag<\/strong> (Insight Austria and Vienna Center for Experimental Economics)<br><strong>&#8222;<a href=\"https:\/\/oega.boku.ac.at\/wp-content\/uploads\/2025\/01\/Sonntag_REECAP_Vienna.pdf\">On the importance of randomized controlled trials \u2013 field experimental evidence from higher education in Austria<\/a>&#8222;<\/strong><\/li>\n<\/ul>\n\n\n\n<p>Moderated by Elisabeth Gsottbauer (University of Innsbruck, AT)<\/p>\n<div class=\"pdfprnt-buttons pdfprnt-buttons-page pdfprnt-bottom-left\"><a href=\"https:\/\/oega.boku.ac.at\/en\/wp-json\/wp\/v2\/pages\/514?print=pdf\" class=\"pdfprnt-button pdfprnt-button-pdf\" target=\"_blank\" ><\/a><a href=\"https:\/\/oega.boku.ac.at\/en\/wp-json\/wp\/v2\/pages\/514?print=print\" class=\"pdfprnt-button pdfprnt-button-print\" target=\"_blank\" ><img decoding=\"async\" src=\"https:\/\/oega.boku.ac.at\/wp-content\/plugins\/pdf-print\/images\/print.png\" alt=\"image_print\" title=\"Print Content\" \/><span class=\"pdfprnt-button-title pdfprnt-button-print-title\">Print-Version<\/span><\/a><\/div>","protected":false},"excerpt":{"rendered":"<p>Die \u00d6GA-Tagung 2018 fand von 27. bis 28. September in Wien an der Universit\u00e4t f\u00fcr Bodenkultur zum Thema &#8222;Methoden f\u00fcr eine evidenzbasierte Agrarpolitik. Erfahrungen, Bedarf und Entwicklungen.&#8220; statt. Guttenberg Haus. (CC BY-ND 2.0) by Martin Gerzabek @ www.flickr.com Die Plenarvortr\u00e4ge auf der \u00d6GA-Jahrestagung: Moderiert von Klaus Salhofer (Universit\u00e4t f\u00fcr Bodenkultur Wien) Detailliertes Programm der \u00d6GA-Jahrestagung\u00a0 [&hellip;]<\/p>\n","protected":false},"author":1,"featured_media":0,"parent":35,"menu_order":0,"comment_status":"closed","ping_status":"closed","template":"","meta":{"footnotes":""},"class_list":["post-514","page","type-page","status-publish","hentry"],"_links":{"self":[{"href":"https:\/\/oega.boku.ac.at\/en\/wp-json\/wp\/v2\/pages\/514","targetHints":{"allow":["GET"]}}],"collection":[{"href":"https:\/\/oega.boku.ac.at\/en\/wp-json\/wp\/v2\/pages"}],"about":[{"href":"https:\/\/oega.boku.ac.at\/en\/wp-json\/wp\/v2\/types\/page"}],"author":[{"embeddable":true,"href":"https:\/\/oega.boku.ac.at\/en\/wp-json\/wp\/v2\/users\/1"}],"replies":[{"embeddable":true,"href":"https:\/\/oega.boku.ac.at\/en\/wp-json\/wp\/v2\/comments?post=514"}],"version-history":[{"count":1,"href":"https:\/\/oega.boku.ac.at\/en\/wp-json\/wp\/v2\/pages\/514\/revisions"}],"predecessor-version":[{"id":535,"href":"https:\/\/oega.boku.ac.at\/en\/wp-json\/wp\/v2\/pages\/514\/revisions\/535"}],"up":[{"embeddable":true,"href":"https:\/\/oega.boku.ac.at\/en\/wp-json\/wp\/v2\/pages\/35"}],"wp:attachment":[{"href":"https:\/\/oega.boku.ac.at\/en\/wp-json\/wp\/v2\/media?parent=514"}],"curies":[{"name":"wp","href":"https:\/\/api.w.org\/{rel}","templated":true}]}}