{"id":478,"date":"2025-01-25T19:34:39","date_gmt":"2025-01-25T18:34:39","guid":{"rendered":"https:\/\/oega.boku.ac.at\/?page_id=478"},"modified":"2025-01-28T17:30:09","modified_gmt":"2025-01-28T16:30:09","slug":"oega-tagung-2023","status":"publish","type":"page","link":"https:\/\/oega.boku.ac.at\/en\/tagungen\/oega-tagung-2023\/","title":{"rendered":"\u00d6GA Conference 2023"},"content":{"rendered":"<p>The <strong>The 33rd Annual Conference of the Austrian Society for Agricultural Economics<\/strong> on the topic of \u201c<strong>Agricultural and Food Systems in Transition: Opportunities and Challenges for Agriculture and Rural Areas<\/strong>\u201d took place on September 28 and 29, 2023, at the University of Natural Resources and Life Sciences, Vienna.\u00a0<\/p>\n\n\n\n<figure class=\"wp-block-gallery has-nested-images columns-default is-cropped wp-block-gallery-1 is-layout-flex wp-block-gallery-is-layout-flex\">\n<figure class=\"wp-block-image size-full\"><img loading=\"lazy\" decoding=\"async\" width=\"524\" height=\"393\" data-id=\"479\" src=\"https:\/\/oega.boku.ac.at\/wp-content\/uploads\/2025\/01\/foto.jpg\" alt=\"\" class=\"wp-image-479\" srcset=\"https:\/\/oega.boku.ac.at\/wp-content\/uploads\/2025\/01\/foto.jpg 524w, https:\/\/oega.boku.ac.at\/wp-content\/uploads\/2025\/01\/foto-300x225.jpg 300w\" sizes=\"auto, (max-width: 524px) 100vw, 524px\" \/><\/figure>\n<\/figure>\n\n\n\n<p><strong>PLENARY LECTURES <\/strong>at the \u00d6GA Annual Conference:<\/p>\n\n\n\n<ul class=\"wp-block-list\">\n<li><strong><a href=\"https:\/\/op.europa.eu\/en\/web\/who-is-who\/person\/-\/person\/AGRI\/COM-CRF_1922-0000CF7D2-0000007304--\" target=\"_blank\" rel=\"noreferrer noopener\">Michael Pielke<\/a><\/strong> (DG AGRI, European Commission)<br><em><strong>\u201d<\/strong>Instruments of the new CAP addressing sustainability challenges in agriculture<strong>\u201d<\/strong><\/em><\/li>\n\n\n\n<li><strong><a href=\"https:\/\/www.pik-potsdam.de\/members\/bodirsky\" target=\"_blank\" rel=\"noreferrer noopener\">Benjamin Bodirsky<\/a><\/strong> (Potsdam Institute for Climate Impact Research, Germany)\u00a0\u00a0 \u00a0<br><em><strong>\u201d<\/strong><a href=\"https:\/\/oega.boku.ac.at\/wp-content\/uploads\/2025\/01\/FST_2023_35min_public.pdf\">A transformation pathway towards a healthy, nature-positive and inclusive food system<\/a><strong>\u201d<\/strong><\/em><\/li>\n\n\n\n<li><strong><a href=\"https:\/\/boku.ac.at\/wiso\/inwe\/forschung\/regionale-und-laendliche-entwicklung\/marianne-penker\" target=\"_blank\" rel=\"noreferrer noopener\">Marianne Penker<\/a><\/strong> (University of Natural Resources and Life Sciences, Vienna, Austria)<br><em><strong>\u201d<\/strong><a href=\"https:\/\/oega.boku.ac.at\/wp-content\/uploads\/2025\/01\/OEGA_Penker_28_Sept_2023.pdf\">Understanding and accompanying rural transformations: Research approaches for uncertain times<\/a><strong>\u201d<\/strong><\/em><\/li>\n<\/ul>\n\n\n\n<p>Moderated by Hermine Mitter (BOKU University, Vienna, Austria)<\/p>\n\n\n\n<p>Further documents from the \u00d6GA 2023 Conference can be found here:<\/p>\n\n\n\n<ul class=\"wp-block-list\">\n<li><strong><a href=\"https:\/\/oega.boku.ac.at\/wp-content\/uploads\/2025\/01\/programm180923.pdf\" target=\"_blank\" rel=\"noreferrer noopener\">Conference programme<\/a><\/strong><\/li>\n\n\n\n<li><strong><a href=\"https:\/\/oega.boku.ac.at\/wp-content\/uploads\/2025\/01\/tagungsband_2023_mit_Seitenangaben_1.pdf\">Conference Proceedings<\/a><\/strong><\/li>\n<\/ul>\n\n\n\n<p><\/p>\n<div class=\"pdfprnt-buttons pdfprnt-buttons-page pdfprnt-bottom-left\"><a href=\"https:\/\/oega.boku.ac.at\/en\/wp-json\/wp\/v2\/pages\/478?print=pdf\" class=\"pdfprnt-button pdfprnt-button-pdf\" target=\"_blank\" ><\/a><a href=\"https:\/\/oega.boku.ac.at\/en\/wp-json\/wp\/v2\/pages\/478?print=print\" class=\"pdfprnt-button pdfprnt-button-print\" target=\"_blank\" ><img decoding=\"async\" src=\"https:\/\/oega.boku.ac.at\/wp-content\/plugins\/pdf-print\/images\/print.png\" alt=\"image_print\" title=\"Print Content\" \/><span class=\"pdfprnt-button-title pdfprnt-button-print-title\">Print-Version<\/span><\/a><\/div>","protected":false},"excerpt":{"rendered":"<p>Die 33. Jahrestagung\u00a0der \u00d6sterreichischen Gesellschaft f\u00fcr Agrar\u00f6konomie zum Thema \u201eAgrar- und Ern\u00e4hrungssysteme im Wandel: Chancen und Herausforderungen f\u00fcr Landwirtschaft und l\u00e4ndliche R\u00e4ume\u201c fand am 28. und 29. September 2023 an der Universit\u00e4t f\u00fcr Bodenkultur Wien statt.\u00a0 PLENARVORTR\u00c4GE auf der \u00d6GA-Jahrestagung: Moderiert von Hermine Mitter (University of Natural Resources and Life Sciences, Vienna, Austria) Weitere Unterlagen [&hellip;]<\/p>\n","protected":false},"author":1,"featured_media":0,"parent":35,"menu_order":0,"comment_status":"closed","ping_status":"closed","template":"","meta":{"footnotes":""},"class_list":["post-478","page","type-page","status-publish","hentry"],"_links":{"self":[{"href":"https:\/\/oega.boku.ac.at\/en\/wp-json\/wp\/v2\/pages\/478","targetHints":{"allow":["GET"]}}],"collection":[{"href":"https:\/\/oega.boku.ac.at\/en\/wp-json\/wp\/v2\/pages"}],"about":[{"href":"https:\/\/oega.boku.ac.at\/en\/wp-json\/wp\/v2\/types\/page"}],"author":[{"embeddable":true,"href":"https:\/\/oega.boku.ac.at\/en\/wp-json\/wp\/v2\/users\/1"}],"replies":[{"embeddable":true,"href":"https:\/\/oega.boku.ac.at\/en\/wp-json\/wp\/v2\/comments?post=478"}],"version-history":[{"count":3,"href":"https:\/\/oega.boku.ac.at\/en\/wp-json\/wp\/v2\/pages\/478\/revisions"}],"predecessor-version":[{"id":1439,"href":"https:\/\/oega.boku.ac.at\/en\/wp-json\/wp\/v2\/pages\/478\/revisions\/1439"}],"up":[{"embeddable":true,"href":"https:\/\/oega.boku.ac.at\/en\/wp-json\/wp\/v2\/pages\/35"}],"wp:attachment":[{"href":"https:\/\/oega.boku.ac.at\/en\/wp-json\/wp\/v2\/media?parent=478"}],"curies":[{"name":"wp","href":"https:\/\/api.w.org\/{rel}","templated":true}]}}